{"id":19,"date":"2022-03-28T12:15:35","date_gmt":"2022-03-28T12:15:35","guid":{"rendered":"https:\/\/www.simref.net\/photovoice\/?page_id=19"},"modified":"2022-07-25T10:11:29","modified_gmt":"2022-07-25T10:11:29","slug":"articles-congresos-i-formacions","status":"publish","type":"page","link":"http:\/\/www.innovaciondocentegenero.eu\/photovoice\/ca\/articles-congresos-i-formacions\/","title":{"rendered":"Difraccions"},"content":{"rendered":"\n<p><\/p>\n\n\n\n<p class=\"has-black-color has-text-color\" id=\"tw-target-text\"><strong>27 octubre 2022. <\/strong>Participaci\u00f3 a les \u201cJornades virtuals FES: Ensenyament en ci\u00e8ncies socials i innovaci\u00f3 docent en perspectiva feminista\u201d presentant els resultats del projecte (Aloe Cubero) i elements pedag\u00f2gics per a l&#8217;ensenyament de les viol\u00e8ncies de g\u00e8nere (Barbara Biglia)<\/p>\n\n\n\n<p class=\"has-black-color has-text-color\" id=\"tw-target-text\"><strong>11-20 octubre 2022<\/strong>. \u201cFormaci\u00f3 photovoice i viol\u00e8ncies de g\u00e8nere\u201d a l&#8217;Institut de Ci\u00e8ncies de l&#8217;Educaci\u00f3 de la Universitat de Sevilla a c\u00e0rrec d&#8217;Aloe Cubero i Roc\u00edo Garrido, els quals estaran impartint una formaci\u00f3 sobre photovoice i viol\u00e8ncies de g\u00e8nere a la Universitat de Sevilla (US)<\/p>\n\n\n\n<p class=\"has-black-color has-text-color\"><strong>21-24 setembre 2022.<\/strong> 9ICCP NAPLES 2022 Congr\u00e8s Internacional de Psicologia Comunit\u00e0ria. Presentaci\u00f3 de la comunicaci\u00f3 \u00abInvolving youth against Gender Related Violence through Photovoice: an international experience with Spanish, Mexican and Argentinian university students\u00bb, sobre les experi\u00e8ncies de COIL i photovoice desenvolupades dins del projecte marc.<\/p>\n\n\n\n<p class=\"has-black-color has-text-color\"><strong>2 juny 2022.<\/strong> Jornades finals del projecte on compartim els resultats principals. Amb la participaci\u00f3 de les companyes australianes Feminist Educators Against Sexism (FEAS), i les estudiants i professores implicades en les experi\u00e8ncies de COIL.  Pots veure els v\u00eddeos de les jornades <a href=\"http:\/\/www.innovaciondocentegenero.eu\/photovoice\/ca\/jornades\/\">aqu\u00ed!<\/a> <\/p>\n\n\n\n<p class=\"has-black-color has-text-color\"><strong>25, 26 i 27 maig<\/strong> <strong>2022.<\/strong> Presentaci\u00f3 del poster<a href=\"http:\/\/www.innovaciondocentegenero.eu\/photovoice\/wp-content\/uploads\/2022\/07\/Captura-de-pantalla-2022-07-06-a-las-16.37.48.png\">\u00abAbordajes de las violencias sexuales y de g\u00e9nero a trav\u00e9s del photovoice en el contexto universitario <\/a> (Aloe Cubero y Barbara Biglia) <a href=\"http:\/\/www.innovaciondocentegenero.eu\/photovoice\/wp-content\/uploads\/2022\/07\/Captura-de-pantalla-2022-07-06-a-las-16.37.48.png\" target=\"_blank\" rel=\"noreferrer noopener\">VI Congr\u00e8s Internacional sobre Innovaci\u00f3 Pedag\u00f2gica i Praxis Educati<\/a><a href=\"http:\/\/www.innovaciondocentegenero.eu\/photovoice\/wp-content\/uploads\/2022\/07\/Captura-de-pantalla-2022-07-06-a-las-16.37.48.png\">va. <\/a>INNOVAGOGIA<\/p>\n\n\n\n<p class=\"has-black-color has-text-color\"><strong>11-25 febrer 2022<\/strong>. Formaci\u00f3 a professorat del MIDE de la Universitat de Barcelona amb la finalitat aprendre a dissenyar i implementar un proc\u00e8s de photovoice. Els objectius espec\u00edfics seg\u00fcents: (1) Con\u00e8ixer els fonaments te\u00f2rics del photovoice i els seus possibles usos (i.e. com a t\u00e8cnica de recerca-acci\u00f3 participativa en el treball comunitari, com a eina pedag\u00f2gica, etc.) a trav\u00e9s de la presentaci\u00f3 de diferents exemples pr\u00e0ctics; (2) Experimentar un proc\u00e9s de photovoice passant per totes les fases (i.e. reflexi\u00f3 individual, treball grupal, an\u00e0lisi participativa, etc.), afavorint aix\u00ed l&#8217;aprenentatge del proc\u00e9s d&#8217;implementaci\u00f3; i (3) Analitzar i reflexionar col\u00b7lectivament sobre les potencialitats i limitacions del photovoice a trav\u00e9s de debats metodol\u00f2gics.<\/p>\n","protected":false},"excerpt":{"rendered":"<p>27 octubre 2022. Participaci\u00f3 a les \u201cJornades virtuals FES: Ensenyament en ci\u00e8ncies socials i innovaci\u00f3 docent en perspectiva feminista\u201d presentant els resultats del projecte (Aloe Cubero) i elements pedag\u00f2gics per<a href=\"http:\/\/www.innovaciondocentegenero.eu\/photovoice\/ca\/articles-congresos-i-formacions\/\">&#8230;Read More<\/a><\/p>\n","protected":false},"author":2,"featured_media":0,"parent":0,"menu_order":4,"comment_status":"closed","ping_status":"closed","template":"page-fullwidth.php","meta":{"_acf_changed":false,"pgc_sgb_lightbox_settings":"","footnotes":""},"class_list":["post-19","page","type-page","status-publish","hentry"],"acf":[],"yoast_head":"<!-- This site is optimized with the Yoast SEO plugin v27.5 - https:\/\/yoast.com\/product\/yoast-seo-wordpress\/ -->\n<title>Difraccions -<\/title>\n<meta name=\"robots\" content=\"index, follow, max-snippet:-1, max-image-preview:large, max-video-preview:-1\" \/>\n<link rel=\"canonical\" href=\"http:\/\/www.innovaciondocentegenero.eu\/photovoice\/ca\/articles-congresos-i-formacions\/\" \/>\n<meta property=\"og:locale\" content=\"es_ES\" \/>\n<meta property=\"og:type\" content=\"article\" \/>\n<meta property=\"og:title\" content=\"Difraccions -\" \/>\n<meta property=\"og:description\" content=\"27 octubre 2022. Participaci\u00f3 a les \u201cJornades virtuals FES: Ensenyament en ci\u00e8ncies socials i innovaci\u00f3 docent en perspectiva feminista\u201d presentant els resultats del projecte (Aloe Cubero) i elements pedag\u00f2gics per...Read More\" \/>\n<meta property=\"og:url\" content=\"http:\/\/www.innovaciondocentegenero.eu\/photovoice\/ca\/articles-congresos-i-formacions\/\" \/>\n<meta property=\"article:modified_time\" content=\"2022-07-25T10:11:29+00:00\" \/>\n<meta name=\"twitter:card\" content=\"summary_large_image\" \/>\n<meta name=\"twitter:label1\" content=\"Tiempo de lectura\" \/>\n\t<meta name=\"twitter:data1\" content=\"2 minutos\" \/>\n<script type=\"application\/ld+json\" class=\"yoast-schema-graph\">{\"@context\":\"https:\\\/\\\/schema.org\",\"@graph\":[{\"@type\":\"WebPage\",\"@id\":\"http:\\\/\\\/www.innovaciondocentegenero.eu\\\/photovoice\\\/ca\\\/articles-congresos-i-formacions\\\/\",\"url\":\"http:\\\/\\\/www.innovaciondocentegenero.eu\\\/photovoice\\\/ca\\\/articles-congresos-i-formacions\\\/\",\"name\":\"Difraccions -\",\"isPartOf\":{\"@id\":\"http:\\\/\\\/www.innovaciondocentegenero.eu\\\/photovoice\\\/#website\"},\"datePublished\":\"2022-03-28T12:15:35+00:00\",\"dateModified\":\"2022-07-25T10:11:29+00:00\",\"breadcrumb\":{\"@id\":\"http:\\\/\\\/www.innovaciondocentegenero.eu\\\/photovoice\\\/ca\\\/articles-congresos-i-formacions\\\/#breadcrumb\"},\"inLanguage\":\"es\",\"potentialAction\":[{\"@type\":\"ReadAction\",\"target\":[\"http:\\\/\\\/www.innovaciondocentegenero.eu\\\/photovoice\\\/ca\\\/articles-congresos-i-formacions\\\/\"]}]},{\"@type\":\"BreadcrumbList\",\"@id\":\"http:\\\/\\\/www.innovaciondocentegenero.eu\\\/photovoice\\\/ca\\\/articles-congresos-i-formacions\\\/#breadcrumb\",\"itemListElement\":[{\"@type\":\"ListItem\",\"position\":1,\"name\":\"Portada\",\"item\":\"http:\\\/\\\/www.innovaciondocentegenero.eu\\\/photovoice\\\/ca\\\/el-projecte\\\/\"},{\"@type\":\"ListItem\",\"position\":2,\"name\":\"Difraccions\"}]},{\"@type\":\"WebSite\",\"@id\":\"http:\\\/\\\/www.innovaciondocentegenero.eu\\\/photovoice\\\/#website\",\"url\":\"http:\\\/\\\/www.innovaciondocentegenero.eu\\\/photovoice\\\/\",\"name\":\"\",\"description\":\"\",\"potentialAction\":[{\"@type\":\"SearchAction\",\"target\":{\"@type\":\"EntryPoint\",\"urlTemplate\":\"http:\\\/\\\/www.innovaciondocentegenero.eu\\\/photovoice\\\/?s={search_term_string}\"},\"query-input\":{\"@type\":\"PropertyValueSpecification\",\"valueRequired\":true,\"valueName\":\"search_term_string\"}}],\"inLanguage\":\"es\"}]}<\/script>\n<!-- \/ Yoast SEO plugin. -->","yoast_head_json":{"title":"Difraccions -","robots":{"index":"index","follow":"follow","max-snippet":"max-snippet:-1","max-image-preview":"max-image-preview:large","max-video-preview":"max-video-preview:-1"},"canonical":"http:\/\/www.innovaciondocentegenero.eu\/photovoice\/ca\/articles-congresos-i-formacions\/","og_locale":"es_ES","og_type":"article","og_title":"Difraccions -","og_description":"27 octubre 2022. Participaci\u00f3 a les \u201cJornades virtuals FES: Ensenyament en ci\u00e8ncies socials i innovaci\u00f3 docent en perspectiva feminista\u201d presentant els resultats del projecte (Aloe Cubero) i elements pedag\u00f2gics per...Read More","og_url":"http:\/\/www.innovaciondocentegenero.eu\/photovoice\/ca\/articles-congresos-i-formacions\/","article_modified_time":"2022-07-25T10:11:29+00:00","twitter_card":"summary_large_image","twitter_misc":{"Tiempo de lectura":"2 minutos"},"schema":{"@context":"https:\/\/schema.org","@graph":[{"@type":"WebPage","@id":"http:\/\/www.innovaciondocentegenero.eu\/photovoice\/ca\/articles-congresos-i-formacions\/","url":"http:\/\/www.innovaciondocentegenero.eu\/photovoice\/ca\/articles-congresos-i-formacions\/","name":"Difraccions -","isPartOf":{"@id":"http:\/\/www.innovaciondocentegenero.eu\/photovoice\/#website"},"datePublished":"2022-03-28T12:15:35+00:00","dateModified":"2022-07-25T10:11:29+00:00","breadcrumb":{"@id":"http:\/\/www.innovaciondocentegenero.eu\/photovoice\/ca\/articles-congresos-i-formacions\/#breadcrumb"},"inLanguage":"es","potentialAction":[{"@type":"ReadAction","target":["http:\/\/www.innovaciondocentegenero.eu\/photovoice\/ca\/articles-congresos-i-formacions\/"]}]},{"@type":"BreadcrumbList","@id":"http:\/\/www.innovaciondocentegenero.eu\/photovoice\/ca\/articles-congresos-i-formacions\/#breadcrumb","itemListElement":[{"@type":"ListItem","position":1,"name":"Portada","item":"http:\/\/www.innovaciondocentegenero.eu\/photovoice\/ca\/el-projecte\/"},{"@type":"ListItem","position":2,"name":"Difraccions"}]},{"@type":"WebSite","@id":"http:\/\/www.innovaciondocentegenero.eu\/photovoice\/#website","url":"http:\/\/www.innovaciondocentegenero.eu\/photovoice\/","name":"","description":"","potentialAction":[{"@type":"SearchAction","target":{"@type":"EntryPoint","urlTemplate":"http:\/\/www.innovaciondocentegenero.eu\/photovoice\/?s={search_term_string}"},"query-input":{"@type":"PropertyValueSpecification","valueRequired":true,"valueName":"search_term_string"}}],"inLanguage":"es"}]}},"_links":{"self":[{"href":"http:\/\/www.innovaciondocentegenero.eu\/photovoice\/wp-json\/wp\/v2\/pages\/19","targetHints":{"allow":["GET"]}}],"collection":[{"href":"http:\/\/www.innovaciondocentegenero.eu\/photovoice\/wp-json\/wp\/v2\/pages"}],"about":[{"href":"http:\/\/www.innovaciondocentegenero.eu\/photovoice\/wp-json\/wp\/v2\/types\/page"}],"author":[{"embeddable":true,"href":"http:\/\/www.innovaciondocentegenero.eu\/photovoice\/wp-json\/wp\/v2\/users\/2"}],"replies":[{"embeddable":true,"href":"http:\/\/www.innovaciondocentegenero.eu\/photovoice\/wp-json\/wp\/v2\/comments?post=19"}],"version-history":[{"count":24,"href":"http:\/\/www.innovaciondocentegenero.eu\/photovoice\/wp-json\/wp\/v2\/pages\/19\/revisions"}],"predecessor-version":[{"id":981,"href":"http:\/\/www.innovaciondocentegenero.eu\/photovoice\/wp-json\/wp\/v2\/pages\/19\/revisions\/981"}],"wp:attachment":[{"href":"http:\/\/www.innovaciondocentegenero.eu\/photovoice\/wp-json\/wp\/v2\/media?parent=19"}],"curies":[{"name":"wp","href":"https:\/\/api.w.org\/{rel}","templated":true}]}}