{"id":855,"date":"2022-07-20T13:48:17","date_gmt":"2022-07-20T13:48:17","guid":{"rendered":"http:\/\/www.innovaciondocentegenero.eu\/photovoice\/?page_id=855"},"modified":"2022-07-20T14:12:59","modified_gmt":"2022-07-20T14:12:59","slug":"conference","status":"publish","type":"page","link":"http:\/\/www.innovaciondocentegenero.eu\/photovoice\/conference\/","title":{"rendered":"Conference"},"content":{"rendered":"\n<div class=\"wp-block-columns is-layout-flex wp-container-core-columns-is-layout-9d6595d7 wp-block-columns-is-layout-flex\">\n<div class=\"wp-block-column is-layout-flow wp-block-column-is-layout-flow\">\n<div class=\"wp-block-media-text alignwide is-stacked-on-mobile\" style=\"grid-template-columns:19% auto\"><figure class=\"wp-block-media-text__media\"><img loading=\"lazy\" decoding=\"async\" width=\"200\" height=\"284\" src=\"http:\/\/www.innovaciondocentegenero.eu\/photovoice\/wp-content\/uploads\/2022\/06\/cartel-indovig-e1657727129293.png\" alt=\"\" class=\"wp-image-290 size-full\"\/><\/figure><div class=\"wp-block-media-text__content\">\n<p class=\"has-black-color has-text-color\"><strong>June 2 2022, Final conference of the project: <\/strong>we held the final days of the project where we shared all the lessons learned from this project. For this we have the participation of Feminist Educators Against Sexism (FEAS), Australian companies that have contributed a lot with their experience during the project! In addition, we were able to hear the views of the students and teachers involved in the COIL experiences and we presented the main results of the project. You can watch the videos of the conference here!<\/p>\n<\/div><\/div>\n\n\n\n<p><strong><mark><a href=\"http:\/\/www.innovaciondocentegenero.eu\/photovoice\/wp-content\/uploads\/2022\/06\/cartel-indovig-e1657727129293.png\" target=\"_blank\" rel=\"noreferrer noopener\">Download the poster<\/a><\/mark><\/strong><\/p>\n<\/div>\n<\/div>\n\n\n\n<div class=\"wp-block-columns is-layout-flex wp-container-core-columns-is-layout-9d6595d7 wp-block-columns-is-layout-flex\">\n<div class=\"wp-block-column is-layout-flow wp-block-column-is-layout-flow\">\n<p class=\"has-black-color has-text-color\"><strong>11-11:30<\/strong> \u2013 Presentaci\u00f3n y bienvenida: Laia Rosich Sol\u00e9 (Directora General para la Erradicaci\u00f3n de las Violencias Machistas), Carme Ponce Alifonso (Secretar\u00eda departamento de pedagog\u00eda URV), Barbara <span style=\"color:#000000\" class=\"tadv-color\">Biglia<\/span> (IP Proyecto).<\/p>\n\n\n\n<p class=\"has-black-color has-text-color\"><strong>11:30-13<\/strong> \u2013 Conferencia FEAS: <em>Using the arts, humour, and irreverence to interrupt everyday sexisms in higher education.&nbsp;<\/em>#FEAS, Feminist Educators Against Sexism (Mindy Blaise, Emily Gray, Jo Pollitt), Modera:&nbsp;In\u00e9s Garc\u00eda (URV).<\/p>\n\n\n\n<p class=\"has-black-color has-text-color\"><strong>13:15-14:30 <\/strong>\u2013 Mesa profesoras: Esther Luna (UB), Mar\u00eda Jos\u00e9 Rubio (UCM), Alejandra Araiza (UAEH), Beatriz Soria (UNCUYO). Modera: Aloe Cubero (URV).<\/p>\n<\/div>\n\n\n\n<div class=\"wp-block-column is-layout-flow wp-block-column-is-layout-flow\">\n<p class=\"has-black-color has-text-color\"><strong>16- 17:15 <\/strong>\u2013 Mesa estudiantes: Paula Gallardo (UPV\/*EHU), Dulce Guadalupe Ben\u00edtez (UAEH), Martina Fernanda Losada y Gabriela <em>Usuani (<\/em>UNCUYO) + otras estudiantes participantes del COIL. Modera: \u00c1ngela Obeso (URV).<\/p>\n\n\n\n<p class=\"has-black-color has-text-color\"><strong><strong>17:15 \u2013 19<\/strong> <\/strong>\u2013 Mesa proyecto: Barbara Biglia (URV), Jordi Bonet (UB), Aloe Cubero (URV) Modera: Apen Ruiz (IES).<\/p>\n<\/div>\n<\/div>\n\n\n\n<hr class=\"wp-block-separator aligncenter has-text-color has-black-color has-alpha-channel-opacity has-black-background-color has-background is-style-wide\"\/>\n\n\n\n<p><\/p>\n\n\n\n<h2 class=\"has-black-color has-text-color wp-block-heading\">Conference&#8217;s videos<\/h2>\n\n\n\n<div class=\"wp-block-columns is-layout-flex wp-container-core-columns-is-layout-9d6595d7 wp-block-columns-is-layout-flex\">\n<div class=\"wp-block-column is-layout-flow wp-block-column-is-layout-flow\">\n<figure class=\"wp-block-embed is-type-video is-provider-youtube wp-block-embed-youtube wp-embed-aspect-16-9 wp-has-aspect-ratio\"><div class=\"wp-block-embed__wrapper\">\n<iframe loading=\"lazy\" title=\"Jornadas finales PhV_SeGReV: Presentaci\u00f3n y bienvenida\" width=\"640\" height=\"360\" src=\"https:\/\/www.youtube.com\/embed\/L8rJebImtxY?list=PLfIk1-G-yMHsyOO0DWdPGBCVXutN9Mt-p\" frameborder=\"0\" allow=\"accelerometer; autoplay; clipboard-write; encrypted-media; gyroscope; picture-in-picture; web-share\" referrerpolicy=\"strict-origin-when-cross-origin\" allowfullscreen><\/iframe>\n<\/div><figcaption><em><span style=\"color:#000000\" class=\"tadv-color\">Jornadas finales PhV_SeGReV: Presentaci\u00f3n y bienvenida<\/span><\/em><\/figcaption><\/figure>\n<\/div>\n\n\n\n<div class=\"wp-block-column is-layout-flow wp-block-column-is-layout-flow\">\n<figure class=\"wp-block-embed is-type-video is-provider-youtube wp-block-embed-youtube wp-embed-aspect-16-9 wp-has-aspect-ratio\"><div class=\"wp-block-embed__wrapper\">\n<iframe loading=\"lazy\" title=\"Final conference PhV_SeGReV: Feminist Educators Against Sexism (FEAS)\" width=\"640\" height=\"360\" src=\"https:\/\/www.youtube.com\/embed\/6Wz-L9Yon88?list=PLfIk1-G-yMHsyOO0DWdPGBCVXutN9Mt-p\" frameborder=\"0\" allow=\"accelerometer; autoplay; clipboard-write; encrypted-media; gyroscope; picture-in-picture; web-share\" referrerpolicy=\"strict-origin-when-cross-origin\" allowfullscreen><\/iframe>\n<\/div><figcaption><em><span style=\"color:#000000\" class=\"tadv-color\">Final conference PhV_SeGReV: Feminist Educators Against Sexism (FEAS)<\/span><\/em><\/figcaption><\/figure>\n<\/div>\n<\/div>\n\n\n\n<div class=\"wp-block-columns is-layout-flex wp-container-core-columns-is-layout-9d6595d7 wp-block-columns-is-layout-flex\">\n<div class=\"wp-block-column is-layout-flow wp-block-column-is-layout-flow\">\n<figure class=\"wp-block-embed is-type-video is-provider-youtube wp-block-embed-youtube wp-embed-aspect-16-9 wp-has-aspect-ratio\"><div class=\"wp-block-embed__wrapper\">\n<iframe loading=\"lazy\" title=\"Jornadas finales PhV_SeGReV: Experiencias de profesoras implementando photovoice en el aula\" width=\"640\" height=\"360\" src=\"https:\/\/www.youtube.com\/embed\/LvNgpCH7Abg?list=PLfIk1-G-yMHsyOO0DWdPGBCVXutN9Mt-p\" frameborder=\"0\" allow=\"accelerometer; autoplay; clipboard-write; encrypted-media; gyroscope; picture-in-picture; web-share\" referrerpolicy=\"strict-origin-when-cross-origin\" allowfullscreen><\/iframe>\n<\/div><figcaption><em><span style=\"color:#000000\" class=\"tadv-color\">Jornadas finales PhV_SeGReV: Experiencias de profesoras implementando photovoice en el aula<\/span><\/em><\/figcaption><\/figure>\n<\/div>\n\n\n\n<div class=\"wp-block-column is-layout-flow wp-block-column-is-layout-flow\">\n<figure class=\"wp-block-embed is-type-video is-provider-youtube wp-block-embed-youtube wp-embed-aspect-16-9 wp-has-aspect-ratio\"><div class=\"wp-block-embed__wrapper\">\n<iframe loading=\"lazy\" title=\"Jornadas finales PhV_SeGReV: Experiencias de estudiantes con la t\u00e9cnica del photovoice\" width=\"640\" height=\"360\" src=\"https:\/\/www.youtube.com\/embed\/XJLikcsiR0s?list=PLfIk1-G-yMHsyOO0DWdPGBCVXutN9Mt-p\" frameborder=\"0\" allow=\"accelerometer; autoplay; clipboard-write; encrypted-media; gyroscope; picture-in-picture; web-share\" referrerpolicy=\"strict-origin-when-cross-origin\" allowfullscreen><\/iframe>\n<\/div><figcaption><em><span style=\"color:#000000\" class=\"tadv-color\">Jornadas finales PhV_SeGReV: Experiencias de estudiantes con la t\u00e9cnica del photovoice<\/span><\/em><\/figcaption><\/figure>\n<\/div>\n<\/div>\n\n\n\n<div class=\"wp-block-columns is-layout-flex wp-container-core-columns-is-layout-9d6595d7 wp-block-columns-is-layout-flex\">\n<div class=\"wp-block-column is-layout-flow wp-block-column-is-layout-flow\">\n<figure class=\"wp-block-embed is-type-video is-provider-youtube wp-block-embed-youtube wp-embed-aspect-16-9 wp-has-aspect-ratio\"><div class=\"wp-block-embed__wrapper\">\n<iframe loading=\"lazy\" title=\"Jornadas finales PhV_SeGReV: Algunas reflexiones sobre el proyecto\" width=\"640\" height=\"360\" src=\"https:\/\/www.youtube.com\/embed\/cE052rWCIRQ?list=PLfIk1-G-yMHsyOO0DWdPGBCVXutN9Mt-p\" frameborder=\"0\" allow=\"accelerometer; autoplay; clipboard-write; encrypted-media; gyroscope; picture-in-picture; web-share\" referrerpolicy=\"strict-origin-when-cross-origin\" allowfullscreen><\/iframe>\n<\/div><figcaption><em><span style=\"color:#000000\" class=\"tadv-color\">Jornadas finales PhV_SeGReV: Algunas reflexiones sobre el proyecto<\/span><\/em><\/figcaption><\/figure>\n<\/div>\n\n\n\n<div class=\"wp-block-column is-layout-flow wp-block-column-is-layout-flow\">\n<figure class=\"wp-block-embed is-type-video is-provider-youtube wp-block-embed-youtube wp-embed-aspect-16-9 wp-has-aspect-ratio\"><div class=\"wp-block-embed__wrapper\">\n<iframe loading=\"lazy\" title=\"Jornadas finales PhV_SeGReV: Resultados principales del proyecto\" width=\"640\" height=\"360\" src=\"https:\/\/www.youtube.com\/embed\/ttgev_8aQHc?list=PLfIk1-G-yMHsyOO0DWdPGBCVXutN9Mt-p\" frameborder=\"0\" allow=\"accelerometer; autoplay; clipboard-write; encrypted-media; gyroscope; picture-in-picture; web-share\" referrerpolicy=\"strict-origin-when-cross-origin\" allowfullscreen><\/iframe>\n<\/div><figcaption><em><span style=\"color:#000000\" class=\"tadv-color\">Jornadas finales PhV_SeGReV: Resultados principales del proyecto<\/span><\/em><\/figcaption><\/figure>\n<\/div>\n<\/div>\n","protected":false},"excerpt":{"rendered":"<p>June 2 2022, Final conference of the project: we held the final days of the project where we shared all the lessons learned from this project. For this we have<a href=\"http:\/\/www.innovaciondocentegenero.eu\/photovoice\/conference\/\">&#8230;Read More<\/a><\/p>\n","protected":false},"author":2,"featured_media":0,"parent":0,"menu_order":2,"comment_status":"closed","ping_status":"closed","template":"page-fullwidth.php","meta":{"_acf_changed":false,"pgc_sgb_lightbox_settings":"","footnotes":""},"class_list":["post-855","page","type-page","status-publish","hentry"],"acf":[],"yoast_head":"<!-- This site is optimized with the Yoast SEO plugin v27.5 - https:\/\/yoast.com\/product\/yoast-seo-wordpress\/ -->\n<title>Conference -<\/title>\n<meta name=\"robots\" content=\"index, follow, max-snippet:-1, max-image-preview:large, max-video-preview:-1\" \/>\n<link rel=\"canonical\" href=\"http:\/\/www.innovaciondocentegenero.eu\/photovoice\/conference\/\" \/>\n<meta property=\"og:locale\" content=\"es_ES\" \/>\n<meta property=\"og:type\" content=\"article\" \/>\n<meta property=\"og:title\" content=\"Conference -\" \/>\n<meta property=\"og:description\" content=\"June 2 2022, Final conference of the project: we held the final days of the project where we shared all the lessons learned from this project. For this we have...Read More\" \/>\n<meta property=\"og:url\" content=\"http:\/\/www.innovaciondocentegenero.eu\/photovoice\/conference\/\" \/>\n<meta property=\"article:modified_time\" content=\"2022-07-20T14:12:59+00:00\" \/>\n<meta property=\"og:image\" content=\"http:\/\/www.innovaciondocentegenero.eu\/photovoice\/wp-content\/uploads\/2022\/06\/cartel-indovig-e1657727129293.png\" \/>\n<meta name=\"twitter:card\" content=\"summary_large_image\" \/>\n<meta name=\"twitter:label1\" content=\"Tiempo de lectura\" \/>\n\t<meta name=\"twitter:data1\" content=\"2 minutos\" \/>\n<script type=\"application\/ld+json\" class=\"yoast-schema-graph\">{\"@context\":\"https:\\\/\\\/schema.org\",\"@graph\":[{\"@type\":\"WebPage\",\"@id\":\"http:\\\/\\\/www.innovaciondocentegenero.eu\\\/photovoice\\\/conference\\\/\",\"url\":\"http:\\\/\\\/www.innovaciondocentegenero.eu\\\/photovoice\\\/conference\\\/\",\"name\":\"Conference -\",\"isPartOf\":{\"@id\":\"http:\\\/\\\/www.innovaciondocentegenero.eu\\\/photovoice\\\/#website\"},\"primaryImageOfPage\":{\"@id\":\"http:\\\/\\\/www.innovaciondocentegenero.eu\\\/photovoice\\\/conference\\\/#primaryimage\"},\"image\":{\"@id\":\"http:\\\/\\\/www.innovaciondocentegenero.eu\\\/photovoice\\\/conference\\\/#primaryimage\"},\"thumbnailUrl\":\"http:\\\/\\\/www.innovaciondocentegenero.eu\\\/photovoice\\\/wp-content\\\/uploads\\\/2022\\\/06\\\/cartel-indovig-e1657727129293.png\",\"datePublished\":\"2022-07-20T13:48:17+00:00\",\"dateModified\":\"2022-07-20T14:12:59+00:00\",\"breadcrumb\":{\"@id\":\"http:\\\/\\\/www.innovaciondocentegenero.eu\\\/photovoice\\\/conference\\\/#breadcrumb\"},\"inLanguage\":\"es\",\"potentialAction\":[{\"@type\":\"ReadAction\",\"target\":[\"http:\\\/\\\/www.innovaciondocentegenero.eu\\\/photovoice\\\/conference\\\/\"]}]},{\"@type\":\"ImageObject\",\"inLanguage\":\"es\",\"@id\":\"http:\\\/\\\/www.innovaciondocentegenero.eu\\\/photovoice\\\/conference\\\/#primaryimage\",\"url\":\"http:\\\/\\\/www.innovaciondocentegenero.eu\\\/photovoice\\\/wp-content\\\/uploads\\\/2022\\\/06\\\/cartel-indovig-e1657727129293.png\",\"contentUrl\":\"http:\\\/\\\/www.innovaciondocentegenero.eu\\\/photovoice\\\/wp-content\\\/uploads\\\/2022\\\/06\\\/cartel-indovig-e1657727129293.png\",\"width\":200,\"height\":284},{\"@type\":\"BreadcrumbList\",\"@id\":\"http:\\\/\\\/www.innovaciondocentegenero.eu\\\/photovoice\\\/conference\\\/#breadcrumb\",\"itemListElement\":[{\"@type\":\"ListItem\",\"position\":1,\"name\":\"Portada\",\"item\":\"http:\\\/\\\/www.innovaciondocentegenero.eu\\\/photovoice\\\/ca\\\/el-projecte\\\/\"},{\"@type\":\"ListItem\",\"position\":2,\"name\":\"Conference\"}]},{\"@type\":\"WebSite\",\"@id\":\"http:\\\/\\\/www.innovaciondocentegenero.eu\\\/photovoice\\\/#website\",\"url\":\"http:\\\/\\\/www.innovaciondocentegenero.eu\\\/photovoice\\\/\",\"name\":\"\",\"description\":\"\",\"potentialAction\":[{\"@type\":\"SearchAction\",\"target\":{\"@type\":\"EntryPoint\",\"urlTemplate\":\"http:\\\/\\\/www.innovaciondocentegenero.eu\\\/photovoice\\\/?s={search_term_string}\"},\"query-input\":{\"@type\":\"PropertyValueSpecification\",\"valueRequired\":true,\"valueName\":\"search_term_string\"}}],\"inLanguage\":\"es\"}]}<\/script>\n<!-- \/ Yoast SEO plugin. -->","yoast_head_json":{"title":"Conference -","robots":{"index":"index","follow":"follow","max-snippet":"max-snippet:-1","max-image-preview":"max-image-preview:large","max-video-preview":"max-video-preview:-1"},"canonical":"http:\/\/www.innovaciondocentegenero.eu\/photovoice\/conference\/","og_locale":"es_ES","og_type":"article","og_title":"Conference -","og_description":"June 2 2022, Final conference of the project: we held the final days of the project where we shared all the lessons learned from this project. For this we have...Read More","og_url":"http:\/\/www.innovaciondocentegenero.eu\/photovoice\/conference\/","article_modified_time":"2022-07-20T14:12:59+00:00","og_image":[{"url":"http:\/\/www.innovaciondocentegenero.eu\/photovoice\/wp-content\/uploads\/2022\/06\/cartel-indovig-e1657727129293.png","type":"","width":"","height":""}],"twitter_card":"summary_large_image","twitter_misc":{"Tiempo de lectura":"2 minutos"},"schema":{"@context":"https:\/\/schema.org","@graph":[{"@type":"WebPage","@id":"http:\/\/www.innovaciondocentegenero.eu\/photovoice\/conference\/","url":"http:\/\/www.innovaciondocentegenero.eu\/photovoice\/conference\/","name":"Conference -","isPartOf":{"@id":"http:\/\/www.innovaciondocentegenero.eu\/photovoice\/#website"},"primaryImageOfPage":{"@id":"http:\/\/www.innovaciondocentegenero.eu\/photovoice\/conference\/#primaryimage"},"image":{"@id":"http:\/\/www.innovaciondocentegenero.eu\/photovoice\/conference\/#primaryimage"},"thumbnailUrl":"http:\/\/www.innovaciondocentegenero.eu\/photovoice\/wp-content\/uploads\/2022\/06\/cartel-indovig-e1657727129293.png","datePublished":"2022-07-20T13:48:17+00:00","dateModified":"2022-07-20T14:12:59+00:00","breadcrumb":{"@id":"http:\/\/www.innovaciondocentegenero.eu\/photovoice\/conference\/#breadcrumb"},"inLanguage":"es","potentialAction":[{"@type":"ReadAction","target":["http:\/\/www.innovaciondocentegenero.eu\/photovoice\/conference\/"]}]},{"@type":"ImageObject","inLanguage":"es","@id":"http:\/\/www.innovaciondocentegenero.eu\/photovoice\/conference\/#primaryimage","url":"http:\/\/www.innovaciondocentegenero.eu\/photovoice\/wp-content\/uploads\/2022\/06\/cartel-indovig-e1657727129293.png","contentUrl":"http:\/\/www.innovaciondocentegenero.eu\/photovoice\/wp-content\/uploads\/2022\/06\/cartel-indovig-e1657727129293.png","width":200,"height":284},{"@type":"BreadcrumbList","@id":"http:\/\/www.innovaciondocentegenero.eu\/photovoice\/conference\/#breadcrumb","itemListElement":[{"@type":"ListItem","position":1,"name":"Portada","item":"http:\/\/www.innovaciondocentegenero.eu\/photovoice\/ca\/el-projecte\/"},{"@type":"ListItem","position":2,"name":"Conference"}]},{"@type":"WebSite","@id":"http:\/\/www.innovaciondocentegenero.eu\/photovoice\/#website","url":"http:\/\/www.innovaciondocentegenero.eu\/photovoice\/","name":"","description":"","potentialAction":[{"@type":"SearchAction","target":{"@type":"EntryPoint","urlTemplate":"http:\/\/www.innovaciondocentegenero.eu\/photovoice\/?s={search_term_string}"},"query-input":{"@type":"PropertyValueSpecification","valueRequired":true,"valueName":"search_term_string"}}],"inLanguage":"es"}]}},"_links":{"self":[{"href":"http:\/\/www.innovaciondocentegenero.eu\/photovoice\/wp-json\/wp\/v2\/pages\/855","targetHints":{"allow":["GET"]}}],"collection":[{"href":"http:\/\/www.innovaciondocentegenero.eu\/photovoice\/wp-json\/wp\/v2\/pages"}],"about":[{"href":"http:\/\/www.innovaciondocentegenero.eu\/photovoice\/wp-json\/wp\/v2\/types\/page"}],"author":[{"embeddable":true,"href":"http:\/\/www.innovaciondocentegenero.eu\/photovoice\/wp-json\/wp\/v2\/users\/2"}],"replies":[{"embeddable":true,"href":"http:\/\/www.innovaciondocentegenero.eu\/photovoice\/wp-json\/wp\/v2\/comments?post=855"}],"version-history":[{"count":18,"href":"http:\/\/www.innovaciondocentegenero.eu\/photovoice\/wp-json\/wp\/v2\/pages\/855\/revisions"}],"predecessor-version":[{"id":885,"href":"http:\/\/www.innovaciondocentegenero.eu\/photovoice\/wp-json\/wp\/v2\/pages\/855\/revisions\/885"}],"wp:attachment":[{"href":"http:\/\/www.innovaciondocentegenero.eu\/photovoice\/wp-json\/wp\/v2\/media?parent=855"}],"curies":[{"name":"wp","href":"https:\/\/api.w.org\/{rel}","templated":true}]}}